{"version":"1.0","provider_name":"Blog Wtransnet Polska","provider_url":"https:\/\/blog.wtransnet.com\/pl","author_name":"wtransnet","author_url":"https:\/\/blog.wtransnet.com\/pl\/author\/wtransnet\/","title":"Wtransnet prezentuje cargo plus na targach Transpotec 2013 - Blog Wtransnet Polska","type":"rich","width":600,"height":338,"html":"<blockquote class=\"wp-embedded-content\" data-secret=\"Y6NSCfajpW\"><a href=\"https:\/\/blog.wtransnet.com\/pl\/wtransnet-prezentuje-cargo-plus-na-targach-transpotec-2013\/\">Wtransnet prezentuje cargo plus na targach Transpotec 2013<\/a><\/blockquote><iframe sandbox=\"allow-scripts\" security=\"restricted\" src=\"https:\/\/blog.wtransnet.com\/pl\/wtransnet-prezentuje-cargo-plus-na-targach-transpotec-2013\/embed\/#?secret=Y6NSCfajpW\" width=\"600\" height=\"338\" title=\"\u00abWtransnet prezentuje cargo plus na targach Transpotec 2013\u00bb \u2014 Blog Wtransnet Polska\" data-secret=\"Y6NSCfajpW\" frameborder=\"0\" marginwidth=\"0\" marginheight=\"0\" scrolling=\"no\" class=\"wp-embedded-content\"><\/iframe><script type=\"text\/javascript\">\n\/* <![CDATA[ *\/\n\/*! This file is auto-generated *\/\n!function(d,l){\"use strict\";l.querySelector&&d.addEventListener&&\"undefined\"!=typeof URL&&(d.wp=d.wp||{},d.wp.receiveEmbedMessage||(d.wp.receiveEmbedMessage=function(e){var t=e.data;if((t||t.secret||t.message||t.value)&&!\/[^a-zA-Z0-9]\/.test(t.secret)){for(var s,r,n,a=l.querySelectorAll('iframe[data-secret=\"'+t.secret+'\"]'),o=l.querySelectorAll('blockquote[data-secret=\"'+t.secret+'\"]'),c=new RegExp(\"^https?:$\",\"i\"),i=0;i<o.length;i++)o[i].style.display=\"none\";for(i=0;i<a.length;i++)s=a[i],e.source===s.contentWindow&&(s.removeAttribute(\"style\"),\"height\"===t.message?(1e3<(r=parseInt(t.value,10))?r=1e3:~~r<200&&(r=200),s.height=r):\"link\"===t.message&&(r=new URL(s.getAttribute(\"src\")),n=new URL(t.value),c.test(n.protocol))&&n.host===r.host&&l.activeElement===s&&(d.top.location.href=t.value))}},d.addEventListener(\"message\",d.wp.receiveEmbedMessage,!1),l.addEventListener(\"DOMContentLoaded\",function(){for(var e,t,s=l.querySelectorAll(\"iframe.wp-embedded-content\"),r=0;r<s.length;r++)(t=(e=s[r]).getAttribute(\"data-secret\"))||(t=Math.random().toString(36).substring(2,12),e.src+=\"#?secret=\"+t,e.setAttribute(\"data-secret\",t)),e.contentWindow.postMessage({message:\"ready\",secret:t},\"*\")},!1)))}(window,document);\n\/\/# sourceURL=https:\/\/blog.wtransnet.com\/pl\/wp-includes\/js\/wp-embed.min.js\n\/* ]]> *\/\n<\/script>\n","thumbnail_url":"https:\/\/blog.wtransnet.com\/pl\/wp-content\/uploads\/sites\/7\/2013\/01\/transpotec.jpg","thumbnail_width":150,"thumbnail_height":150,"description":"Wtransnet b\u0119dzie obecny na najbli\u017cszej edycji Salone della Logistica integrata e dei Trasporti, kt\u00f3ry odb\u0119dzie sie w Weronie w dniach od 28 lutego do3 marca 2013 roku. Zesp\u00f3\u0142 handlowy Wtransnet we W\u0142oszech przeprowadzi podczas targ\u00f3w codziennie sesje prezentacyjne produktu CARGO PLUS. Jest to zaawansowana gie\u0142da \u0142adunk\u00f3w, kt\u00f3ra promuje prace ze znanymi i zaufanymi przewo\u017anikami w &hellip;"}