{"version":"1.0","provider_name":"Blog Wtransnet Portugal","provider_url":"https:\/\/blog.wtransnet.com\/pt","author_name":"wtransnet","author_url":"https:\/\/blog.wtransnet.com\/pt\/author\/wtransnet\/","title":"Assim foi Barcelona Connecta - Blog Wtransnet Portugal","type":"rich","width":600,"height":338,"html":"<blockquote class=\"wp-embedded-content\" data-secret=\"ZqaxGt4kWd\"><a href=\"https:\/\/blog.wtransnet.com\/pt\/assim-foi-barcelona-connecta\/\">Assim foi Barcelona Connecta<\/a><\/blockquote><iframe sandbox=\"allow-scripts\" security=\"restricted\" src=\"https:\/\/blog.wtransnet.com\/pt\/assim-foi-barcelona-connecta\/embed\/#?secret=ZqaxGt4kWd\" width=\"600\" height=\"338\" title=\"\u00abAssim foi Barcelona Connecta\u00bb \u2014 Blog Wtransnet Portugal\" data-secret=\"ZqaxGt4kWd\" frameborder=\"0\" marginwidth=\"0\" marginheight=\"0\" scrolling=\"no\" class=\"wp-embedded-content\"><\/iframe><script type=\"text\/javascript\">\n\/* <![CDATA[ *\/\n\/*! This file is auto-generated *\/\n!function(d,l){\"use strict\";l.querySelector&&d.addEventListener&&\"undefined\"!=typeof URL&&(d.wp=d.wp||{},d.wp.receiveEmbedMessage||(d.wp.receiveEmbedMessage=function(e){var t=e.data;if((t||t.secret||t.message||t.value)&&!\/[^a-zA-Z0-9]\/.test(t.secret)){for(var s,r,n,a=l.querySelectorAll('iframe[data-secret=\"'+t.secret+'\"]'),o=l.querySelectorAll('blockquote[data-secret=\"'+t.secret+'\"]'),c=new RegExp(\"^https?:$\",\"i\"),i=0;i<o.length;i++)o[i].style.display=\"none\";for(i=0;i<a.length;i++)s=a[i],e.source===s.contentWindow&&(s.removeAttribute(\"style\"),\"height\"===t.message?(1e3<(r=parseInt(t.value,10))?r=1e3:~~r<200&&(r=200),s.height=r):\"link\"===t.message&&(r=new URL(s.getAttribute(\"src\")),n=new URL(t.value),c.test(n.protocol))&&n.host===r.host&&l.activeElement===s&&(d.top.location.href=t.value))}},d.addEventListener(\"message\",d.wp.receiveEmbedMessage,!1),l.addEventListener(\"DOMContentLoaded\",function(){for(var e,t,s=l.querySelectorAll(\"iframe.wp-embedded-content\"),r=0;r<s.length;r++)(t=(e=s[r]).getAttribute(\"data-secret\"))||(t=Math.random().toString(36).substring(2,12),e.src+=\"#?secret=\"+t,e.setAttribute(\"data-secret\",t)),e.contentWindow.postMessage({message:\"ready\",secret:t},\"*\")},!1)))}(window,document);\n\/\/# sourceURL=https:\/\/blog.wtransnet.com\/pt\/wp-includes\/js\/wp-embed.min.js\n\/* ]]> *\/\n<\/script>\n","thumbnail_url":"https:\/\/blog.wtransnet.com\/pt\/wp-content\/uploads\/sites\/8\/2013\/02\/connecta-blog.jpg","thumbnail_width":150,"thumbnail_height":150,"description":"A \u00faltima edi\u00e7\u00e3o de Barcelona Connecta, celebrada o passado m\u00eas de Outubro, fez poss\u00edvel mais de 5.930 entrevistas entre profissionais de 13 pa\u00edses Europeus. Uma iniciativa pioneira da Funda\u00e7\u00e3o Wtransnet que j\u00e1 se converteu em evento de refer\u00eancia no sector pelas possibilidades de neg\u00f3cio que oferece: em apenas uma jornada, os assistentes podem conhecer a &hellip;"}